{"id":76,"date":"2019-01-14T15:39:01","date_gmt":"2019-01-14T14:39:01","guid":{"rendered":"https:\/\/hyundai-gerdes.de\/?page_id=76"},"modified":"2019-07-29T16:05:45","modified_gmt":"2019-07-29T14:05:45","slug":"anfahrt","status":"publish","type":"page","link":"https:\/\/www.abeln-auto.de\/hyundai\/nachricht-schreiben\/anfahrt\/","title":{"rendered":"Anfahrt"},"content":{"rendered":"\t\t<div data-elementor-type=\"wp-post\" data-elementor-id=\"76\" class=\"elementor elementor-76\" data-elementor-post-type=\"page\">\n\t\t\t\t\t\t<section class=\"elementor-section elementor-top-section elementor-element elementor-element-616acfb intro-banner elementor-section-boxed elementor-section-height-default elementor-section-height-default elementor-invisible\" data-id=\"616acfb\" data-element_type=\"section\" data-e-type=\"section\" data-settings=\"{&quot;animation&quot;:&quot;fadeIn&quot;,&quot;background_background&quot;:&quot;classic&quot;}\">\n\t\t\t\t\t\t<div class=\"elementor-container elementor-column-gap-no\">\n\t\t\t\t\t<div class=\"elementor-column elementor-col-100 elementor-top-column elementor-element elementor-element-a4be1e2\" data-id=\"a4be1e2\" data-element_type=\"column\" data-e-type=\"column\">\n\t\t\t<div class=\"elementor-widget-wrap elementor-element-populated\">\n\t\t\t\t\t\t<div class=\"elementor-element elementor-element-f7ffe46 elementor-widget elementor-widget-parallax-editing-example\" data-id=\"f7ffe46\" data-element_type=\"widget\" data-e-type=\"widget\" data-widget_type=\"parallax-editing-example.default\">\n\t\t\t\t<div class=\"elementor-widget-container\">\n\t\t\t\t\t\t\t<!---->\r\n\t\t<!--<div >Description<\/div>-->\r\n\t\t<!--<div ><p>Content<\/p><\/div>-->\r\n\t\t<!--<div>Array\n(\n    [url] => https:\/\/www.abeln-auto.de\/hyundai\/wp-content\/uploads\/2019\/05\/autohaus-abeln-banner_04A6687.jpg\n    [id] => 1960\n    [size] => \n)\n<\/div>-->\r\n\t\t<div class=\"parallax-mb\"\r\n\t\t     style=\"height:367px;\">\r\n\t\t\t<img\r\n\t\t\t\tsrc=\"https:\/\/www.abeln-auto.de\/hyundai\/wp-content\/uploads\/2019\/05\/autohaus-abeln-banner_04A6687.jpg\" alt=\"Bild\"\r\n\t\t\t\tstyle=\"top:-2%;\">\r\n\r\n\t\t\t<div class=\"container parallax-caption-container\">\r\n\t\t\t\t\t\t\t\t\t<h2 >Anfahrt<\/h2>\r\n\t\t\t\t\t\t\t<\/div>\r\n\t\t<\/div>\r\n\t\t\t\t\t\t<\/div>\n\t\t\t\t<\/div>\n\t\t\t\t<div class=\"elementor-element elementor-element-5d1a128a elementor-widget elementor-widget-heading\" data-id=\"5d1a128a\" data-element_type=\"widget\" data-e-type=\"widget\" data-widget_type=\"heading.default\">\n\t\t\t\t<div class=\"elementor-widget-container\">\n\t\t\t\t\t<h4 class=\"elementor-heading-title elementor-size-xl\">Ihr Weg zu uns<\/h4>\t\t\t\t<\/div>\n\t\t\t\t<\/div>\n\t\t\t\t\t<\/div>\n\t\t<\/div>\n\t\t\t\t\t<\/div>\n\t\t<\/section>\n\t\t\t\t<section class=\"elementor-section elementor-top-section elementor-element elementor-element-1d6a16e3 elementor-section-boxed elementor-section-height-default elementor-section-height-default elementor-invisible\" data-id=\"1d6a16e3\" data-element_type=\"section\" data-e-type=\"section\" data-settings=\"{&quot;animation&quot;:&quot;fadeIn&quot;}\">\n\t\t\t\t\t\t<div class=\"elementor-container elementor-column-gap-default\">\n\t\t\t\t\t<div class=\"elementor-column elementor-col-100 elementor-top-column elementor-element elementor-element-25754713\" data-id=\"25754713\" data-element_type=\"column\" data-e-type=\"column\">\n\t\t\t<div class=\"elementor-widget-wrap elementor-element-populated\">\n\t\t\t\t\t\t<div class=\"elementor-element elementor-element-5d67d109 elementor-widget elementor-widget-text-editor\" data-id=\"5d67d109\" data-element_type=\"widget\" data-e-type=\"widget\" data-widget_type=\"text-editor.default\">\n\t\t\t\t<div class=\"elementor-widget-container\">\n\t\t\t\t\t\t\t\t\t<p>Sie m\u00f6chten uns besuchen? Wir freuen uns, Sie in Papenburg, in der Flachsmeerstra\u00dfe 20 begr\u00fc\u00dfen zu d\u00fcrfen.\u00a0<\/p><p>Haben Sie vorab Fragen? Dann rufen Sie uns gerne an unter +49 (4961) 664490 oder schreiben Sie uns eine E-Mail an <a href=\"mailto:info@abeln.hyundaimail.de\">info@abeln.hyundaimail.de<\/a>.<\/p><p>Ihr Team vom Hyundai Autohaus Abeln.<\/p>\t\t\t\t\t\t\t\t<\/div>\n\t\t\t\t<\/div>\n\t\t\t\t\t<\/div>\n\t\t<\/div>\n\t\t\t\t\t<\/div>\n\t\t<\/section>\n\t\t\t\t<section class=\"elementor-section elementor-top-section elementor-element elementor-element-f85d059 elementor-section-boxed elementor-section-height-default elementor-section-height-default elementor-invisible\" data-id=\"f85d059\" data-element_type=\"section\" data-e-type=\"section\" data-settings=\"{&quot;animation&quot;:&quot;fadeIn&quot;}\">\n\t\t\t\t\t\t<div class=\"elementor-container elementor-column-gap-default\">\n\t\t\t\t\t<div class=\"elementor-column elementor-col-100 elementor-top-column elementor-element elementor-element-6a19c930\" data-id=\"6a19c930\" data-element_type=\"column\" data-e-type=\"column\">\n\t\t\t<div class=\"elementor-widget-wrap elementor-element-populated\">\n\t\t\t\t\t\t<div class=\"elementor-element elementor-element-72eace7 elementor-widget-divider--view-line elementor-widget elementor-widget-global elementor-global-1399 elementor-widget-divider\" data-id=\"72eace7\" data-element_type=\"widget\" data-e-type=\"widget\" data-widget_type=\"divider.default\">\n\t\t\t\t<div class=\"elementor-widget-container\">\n\t\t\t\t\t\t\t<div class=\"elementor-divider\">\n\t\t\t<span class=\"elementor-divider-separator\">\n\t\t\t\t\t\t<\/span>\n\t\t<\/div>\n\t\t\t\t\t\t<\/div>\n\t\t\t\t<\/div>\n\t\t\t\t\t<\/div>\n\t\t<\/div>\n\t\t\t\t\t<\/div>\n\t\t<\/section>\n\t\t\t\t<section class=\"elementor-section elementor-top-section elementor-element elementor-element-d7a9947 elementor-section-boxed elementor-section-height-default elementor-section-height-default elementor-invisible\" data-id=\"d7a9947\" data-element_type=\"section\" data-e-type=\"section\" data-settings=\"{&quot;animation&quot;:&quot;fadeIn&quot;}\">\n\t\t\t\t\t\t<div class=\"elementor-container elementor-column-gap-default\">\n\t\t\t\t\t<div class=\"elementor-column elementor-col-100 elementor-top-column elementor-element elementor-element-15cbe57\" data-id=\"15cbe57\" data-element_type=\"column\" data-e-type=\"column\">\n\t\t\t<div class=\"elementor-widget-wrap elementor-element-populated\">\n\t\t\t\t\t\t<div class=\"elementor-element elementor-element-b7a928e elementor-widget elementor-widget-oeffnungszeiten-adresse\" data-id=\"b7a928e\" data-element_type=\"widget\" data-e-type=\"widget\" data-widget_type=\"oeffnungszeiten-adresse.default\">\n\t\t\t\t<div class=\"elementor-widget-container\">\n\t\t\t\t\t\t\t<!---->\r\n\t\t<!--<div ><\/div>-->\r\n\t\t<!--<div ><\/div>-->\r\n\t\t<!--<div><\/div>-->\r\n\r\n\r\n\t\t\r\n\t\t<div class=\"kontakt-box-wrapper\">\r\n\r\n\t\t\t<div class=\"kontakt-box-title text-center\">\r\n\t\t\t\t<h4>Kontakt zu uns<\/h4>\r\n\t\t\t<\/div>\r\n\t\t\t<div class=\"kontakt-box-bild\">\r\n\t\t\t\t<img decoding=\"async\" src=\"https:\/\/www.abeln-auto.de\/hyundai\/wp-content\/uploads\/2019\/05\/autohaus-abeln-banner_04A6676.jpg\" alt=\"Kontakt-Box-Bild\">\r\n\t\t\t<\/div>\r\n\t\t\t<div class=\"kontakt-box-adresse\">\r\n\t\t\t\t<div class=\"box-adresse-karte\">\r\n\t\t\t\t\t<!--<iframe\r\n\t\t\t\t\t\tsrc=\"https:\/\/maps.google.com\/maps?&q=  &output=embed\"\r\n\r\n\t\t\t\t\t\tallowfullscreen><\/iframe>-->\r\n\r\n\t\t\t\t\t\r\n\r\n\t\t\t\t\t<div class=\"karte-wrapper\">\r\n\t\t\t\t\t\t<div id=\"map-kontaktbox\"><\/div>\r\n\r\n                        <script>\r\n                            var streetAddress = 'Flachsmeerstra\u00dfe 20, 26871 Papenburg';\r\n                            var privacyPolicyURL = '..\/datenschutz\/';\r\n                            var kmMapsZoom = '12';\r\n                            var KmMapsHeight = '960px';\r\n                        <\/script>\r\n                        <script src=\"https:\/\/km34301-04.hosting.mangoblau.de\/hyundai\/maps\/iframe\/index.js.php\"><\/script>\r\n\r\n\t\t\t\t\t<!--\t<script src=\"https:\/\/maps.googleapis.com\/maps\/api\/js?key=xyz\"\r\n\t\t\t\t\t\t        type=\"text\/javascript\"><\/script>\r\n\r\n\r\n\t\t\t\t\t\t<script>var blueMoon = [\r\n\t\t\t\t\t\t\t\t{\r\n\t\t\t\t\t\t\t\t\t\"featureType\": \"administrative\",\r\n\t\t\t\t\t\t\t\t\t\"elementType\": \"labels.text.fill\",\r\n\t\t\t\t\t\t\t\t\t\"stylers\": [\r\n\t\t\t\t\t\t\t\t\t\t{\r\n\t\t\t\t\t\t\t\t\t\t\t\"color\": \"#444444\"\r\n\t\t\t\t\t\t\t\t\t\t}\r\n\t\t\t\t\t\t\t\t\t]\r\n\t\t\t\t\t\t\t\t},\r\n\t\t\t\t\t\t\t\t{\r\n\t\t\t\t\t\t\t\t\t\"featureType\": \"landscape\",\r\n\t\t\t\t\t\t\t\t\t\"elementType\": \"all\",\r\n\t\t\t\t\t\t\t\t\t\"stylers\": [\r\n\t\t\t\t\t\t\t\t\t\t{\r\n\t\t\t\t\t\t\t\t\t\t\t\"color\": \"#f2f2f2\"\r\n\t\t\t\t\t\t\t\t\t\t}\r\n\t\t\t\t\t\t\t\t\t]\r\n\t\t\t\t\t\t\t\t},\r\n\t\t\t\t\t\t\t\t{\r\n\t\t\t\t\t\t\t\t\t\"featureType\": \"landscape\",\r\n\t\t\t\t\t\t\t\t\t\"elementType\": \"geometry.fill\",\r\n\t\t\t\t\t\t\t\t\t\"stylers\": [\r\n\t\t\t\t\t\t\t\t\t\t{\r\n\t\t\t\t\t\t\t\t\t\t\t\"color\": \"#e4dcd3\"\r\n\t\t\t\t\t\t\t\t\t\t}\r\n\t\t\t\t\t\t\t\t\t]\r\n\t\t\t\t\t\t\t\t},\r\n\t\t\t\t\t\t\t\t{\r\n\t\t\t\t\t\t\t\t\t\"featureType\": \"poi\",\r\n\t\t\t\t\t\t\t\t\t\"elementType\": \"all\",\r\n\t\t\t\t\t\t\t\t\t\"stylers\": [\r\n\t\t\t\t\t\t\t\t\t\t{\r\n\t\t\t\t\t\t\t\t\t\t\t\"visibility\": \"off\"\r\n\t\t\t\t\t\t\t\t\t\t}\r\n\t\t\t\t\t\t\t\t\t]\r\n\t\t\t\t\t\t\t\t},\r\n\t\t\t\t\t\t\t\t{\r\n\t\t\t\t\t\t\t\t\t\"featureType\": \"road\",\r\n\t\t\t\t\t\t\t\t\t\"elementType\": \"all\",\r\n\t\t\t\t\t\t\t\t\t\"stylers\": [\r\n\t\t\t\t\t\t\t\t\t\t{\r\n\t\t\t\t\t\t\t\t\t\t\t\"saturation\": -100\r\n\t\t\t\t\t\t\t\t\t\t},\r\n\t\t\t\t\t\t\t\t\t\t{\r\n\t\t\t\t\t\t\t\t\t\t\t\"lightness\": 45\r\n\t\t\t\t\t\t\t\t\t\t}\r\n\t\t\t\t\t\t\t\t\t]\r\n\t\t\t\t\t\t\t\t},\r\n\t\t\t\t\t\t\t\t{\r\n\t\t\t\t\t\t\t\t\t\"featureType\": \"road.highway\",\r\n\t\t\t\t\t\t\t\t\t\"elementType\": \"all\",\r\n\t\t\t\t\t\t\t\t\t\"stylers\": [\r\n\t\t\t\t\t\t\t\t\t\t{\r\n\t\t\t\t\t\t\t\t\t\t\t\"visibility\": \"simplified\"\r\n\t\t\t\t\t\t\t\t\t\t}\r\n\t\t\t\t\t\t\t\t\t]\r\n\t\t\t\t\t\t\t\t},\r\n\t\t\t\t\t\t\t\t{\r\n\t\t\t\t\t\t\t\t\t\"featureType\": \"road.highway\",\r\n\t\t\t\t\t\t\t\t\t\"elementType\": \"geometry.fill\",\r\n\t\t\t\t\t\t\t\t\t\"stylers\": [\r\n\t\t\t\t\t\t\t\t\t\t{\r\n\t\t\t\t\t\t\t\t\t\t\t\"color\": \"#002c5f\"\r\n\t\t\t\t\t\t\t\t\t\t}\r\n\t\t\t\t\t\t\t\t\t]\r\n\t\t\t\t\t\t\t\t},\r\n\t\t\t\t\t\t\t\t{\r\n\t\t\t\t\t\t\t\t\t\"featureType\": \"road.arterial\",\r\n\t\t\t\t\t\t\t\t\t\"elementType\": \"geometry.fill\",\r\n\t\t\t\t\t\t\t\t\t\"stylers\": [\r\n\t\t\t\t\t\t\t\t\t\t{\r\n\t\t\t\t\t\t\t\t\t\t\t\"color\": \"#f6f3f2\"\r\n\t\t\t\t\t\t\t\t\t\t}\r\n\t\t\t\t\t\t\t\t\t]\r\n\t\t\t\t\t\t\t\t},\r\n\t\t\t\t\t\t\t\t{\r\n\t\t\t\t\t\t\t\t\t\"featureType\": \"road.arterial\",\r\n\t\t\t\t\t\t\t\t\t\"elementType\": \"labels.icon\",\r\n\t\t\t\t\t\t\t\t\t\"stylers\": [\r\n\t\t\t\t\t\t\t\t\t\t{\r\n\t\t\t\t\t\t\t\t\t\t\t\"visibility\": \"off\"\r\n\t\t\t\t\t\t\t\t\t\t}\r\n\t\t\t\t\t\t\t\t\t]\r\n\t\t\t\t\t\t\t\t},\r\n\t\t\t\t\t\t\t\t{\r\n\t\t\t\t\t\t\t\t\t\"featureType\": \"transit\",\r\n\t\t\t\t\t\t\t\t\t\"elementType\": \"all\",\r\n\t\t\t\t\t\t\t\t\t\"stylers\": [\r\n\t\t\t\t\t\t\t\t\t\t{\r\n\t\t\t\t\t\t\t\t\t\t\t\"visibility\": \"off\"\r\n\t\t\t\t\t\t\t\t\t\t}\r\n\t\t\t\t\t\t\t\t\t]\r\n\t\t\t\t\t\t\t\t},\r\n\t\t\t\t\t\t\t\t{\r\n\t\t\t\t\t\t\t\t\t\"featureType\": \"water\",\r\n\t\t\t\t\t\t\t\t\t\"elementType\": \"all\",\r\n\t\t\t\t\t\t\t\t\t\"stylers\": [\r\n\t\t\t\t\t\t\t\t\t\t{\r\n\t\t\t\t\t\t\t\t\t\t\t\"color\": \"#aacae6\"\r\n\t\t\t\t\t\t\t\t\t\t},\r\n\t\t\t\t\t\t\t\t\t\t{\r\n\t\t\t\t\t\t\t\t\t\t\t\"visibility\": \"on\"\r\n\t\t\t\t\t\t\t\t\t\t}\r\n\t\t\t\t\t\t\t\t\t]\r\n\t\t\t\t\t\t\t\t}\r\n\t\t\t\t\t\t\t];\r\n\r\n\r\n\t\t\t\t\t\t<\/script>\r\n\r\n\t\t\t\t\t\t<script>\r\n\t\t\t\t\t\t\tvar address = '  ';\r\n\t\t\t\t\t\t\tvar hyundaiLocationLat;\r\n\t\t\t\t\t\t\tvar hyundaiLocationLon;\r\n\t\t\t\t\t\t\tvar geocoder = new google.maps.Geocoder();\r\n\t\t\t\t\t\t\tgeocoder.geocode({'address': '' + address + ''}, function (results, status) {\r\n\t\t\t\t\t\t\t\tif (status == google.maps.GeocoderStatus.OK) {\r\n\r\n\t\t\t\t\t\t\t\t\thyundaiLocationLat = results[0].geometry.location.lat();\r\n\t\t\t\t\t\t\t\t\thyundaiLocationLon = results[0].geometry.location.lng();\r\n\r\n\r\n\t\t\t\t\t\t\t\t\tvar iconSrc = {};\r\n\r\n\r\n\t\t\t\t\t\t\t\t\ticonSrc['iconh'] = '';\r\n\t\t\t\t\t\t\t\t\ticonSrc['iconbus'] = '\/wp-content\/themes\/mb\/inc\/assets\/img\/haltestelle-hyundai.png';\r\n\r\n\r\n\t\t\t\t\t\t\t\t\tvar locations = [\r\n\r\n\t\t\t\t\t\t\t\t\t\t\t\t\t\t\t\t\t\t\t\t\t\t\/* mbc Bushaltestellen *\/\r\n\t\t\t\t\t\t\t\t\t\t\t['<div class=\"map-marker-content\"><b>Buslinie 304\/324<\/span><br><span>Haltestelle Fl\u00f6tenstra\u00dfe<\/span><br><a href=\"https:\/\/fahrplaner.vbn.de\/hafas\/query.exe\/dn?ld=web&protocol=https:&seqnr=1&OK&REQ0JourneyStopsZ0G=Oldenburg(Oldb)%20Fl%C3%B6tenstra%C3%9Fe#focus\" target=\"_blank\" class=\"btn btn-primary\">Verbindungen anzeigen<\/a><\/div>', 53.165692, 8.226419, 17, 'iconbus'],\r\n\r\n\t\t\t\t\t\t\t\t\t\t\t['<div class=\"map-marker-content\"><b>Buslinie 304\/324<\/span><br><span>Haltestelle Fl\u00f6tenstra\u00dfe<\/span><br><a href=\"https:\/\/fahrplaner.vbn.de\/hafas\/query.exe\/dn?ld=web&protocol=https:&seqnr=1&OK&REQ0JourneyStopsZ0G=Oldenburg(Oldb)%20Fl%C3%B6tenstra%C3%9Fe#focus\" target=\"_blank\" class=\"btn btn-primary\">Verbindungen anzeigen<\/a><\/div>', 53.165922, 8.226807, 17, 'iconbus'],\r\n\r\n\r\n\t\t\t\t\t\t\t\t\t\t\t\r\n\r\n\t\t\t\t\t\t\t\t\t\t\t['<div class=\"map-marker-content\"><b>Hyundai Autohaus<br><\/b><br><span><br> <\/span><br><span>Tel.: <\/span><br><a href=\"https:\/\/www.google.com\/maps?f=d&saddr=&daddr=  &dirflg=d\" target=\"_blank\" class=\"btn btn-primary\">Route berechnen<\/a><\/div>', hyundaiLocationLat, hyundaiLocationLon, 17, 'iconh']\r\n\r\n\t\t\t\t\t\t\t\t\t\t]\r\n\t\t\t\t\t\t\t\t\t\t;\r\n\r\n\r\n\t\t\t\t\t\t\t\t\tvar myOptions = {\r\n\t\t\t\t\t\t\t\t\t\t\tzoom: 16,\r\n\t\t\t\t\t\t\t\t\t\t\tcenter: new google.maps.LatLng(hyundaiLocationLat, hyundaiLocationLon),\r\n\t\t\t\t\t\t\t\t\t\t\tmapTypeControlOptions: 'schalt_flaeche',\r\n\t\t\t\t\t\t\t\t\t\t\tscaleControl: true,\r\n\t\t\t\t\t\t\t\t\t\t\tscrollwheel: false,\r\n\t\t\t\t\t\t\t\t\t\t\tmapTypeControl: false,\r\n\t\t\t\t\t\t\t\t\t\t\tdraggable: !(\"ontouchend\" in document)\r\n\r\n\r\n\t\t\t\t\t\t\t\t\t\t}\r\n\t\t\t\t\t\t\t\t\t\t;\r\n\r\n\r\n\t\t\t\t\t\t\t\t\tvar newMapType = new google.maps.StyledMapType(blueMoon, {name: \"Blue Moon\"});\r\n\r\n\r\n\t\t\t\t\t\t\t\t\tvar map = new google.maps.Map(document.getElementById('map-kontaktbox'), myOptions);\r\n\r\n\r\n\t\t\t\t\t\t\t\t\tmap.mapTypes.set('schalt_flaeche', newMapType);\r\n\t\t\t\t\t\t\t\t\tmap.setMapTypeId('schalt_flaeche');\r\n\t\t\t\t\t\t\t\t\tvar infowindow = new google.maps.InfoWindow();\r\n\r\n\r\n\t\t\t\t\t\t\t\t\tvar marker, i;\r\n\r\n\r\n\t\t\t\t\t\t\t\t\tvar bounds = new google.maps.LatLngBounds();\r\n\r\n\r\n\t\t\t\t\t\t\t\t\tfor (i = 0; i < locations.length; i++) {\r\n\t\t\t\t\t\t\t\t\t\tmarker = new google.maps.Marker({\r\n\t\t\t\t\t\t\t\t\t\t\tposition: new google.maps.LatLng(locations[i][1], locations[i][2]),\r\n\t\t\t\t\t\t\t\t\t\t\tmap: map,\r\n\t\t\t\t\t\t\t\t\t\t\ticon: iconSrc[locations[i][4]]\r\n\t\t\t\t\t\t\t\t\t\t});\r\n\r\n\r\n\t\t\t\t\t\t\t\t\t\tgoogle.maps.event.addListener(marker, 'click', (function (marker, i) {\r\n\t\t\t\t\t\t\t\t\t\t\t\treturn function () {\r\n\t\t\t\t\t\t\t\t\t\t\t\t\tinfowindow.setContent(locations[i][0]);\r\n\t\t\t\t\t\t\t\t\t\t\t\t\tinfowindow.open(map, marker);\r\n\t\t\t\t\t\t\t\t\t\t\t\t\tmap.setZoom(17);\r\n\t\t\t\t\t\t\t\t\t\t\t\t\tmap.setCenter(marker.getPosition());\r\n\t\t\t\t\t\t\t\t\t\t\t\t}\r\n\r\n\r\n\t\t\t\t\t\t\t\t\t\t\t})\r\n\t\t\t\t\t\t\t\t\t\t\t(marker, i)\r\n\t\t\t\t\t\t\t\t\t\t)\r\n\t\t\t\t\t\t\t\t\t\t;\r\n\r\n\r\n\t\t\t\t\t\t\t\t\t\tvar Item_1 = new google.maps.LatLng(locations[i][1], locations[i][2]);\r\n\r\n\r\n\t\t\t\t\t\t\t\t\t\tbounds.extend(Item_1);\r\n\t\t\t\t\t\t\t\t\t}\r\n\r\n\r\n\t\t\t\t\t\t\t\t\tmap.setCenter(marker.getPosition());\r\n\r\n\t\t\t\t\t\t\t\t} else {\r\n\t\t\t\t\t\t\t\t\tconsole.log(\"Something got wrong \" + status);\r\n\t\t\t\t\t\t\t\t}\r\n\t\t\t\t\t\t\t});\r\n\t\t\t\t\t\t\tconsole.log(hyundaiLocationLat);\r\n\t\t\t\t\t\t\tconsole.log(hyundaiLocationLon);\r\n\r\n\t\t\t\t\t\t<\/script>\r\n\r\n\t\t\t\t\t\t<script>\r\n\r\n\r\n\t\t\t\t\t\t<\/script>-->\r\n\r\n\t\t\t\t\t<\/div>\r\n\t\t\t\t<\/div>\r\n\t\t\t\t<div class=\"box-adresse-text\">\r\n\t\t\t\t\t<h4>\r\n\t\t\t\t\t\tAdresse\r\n\t\t\t\t\t<\/h4>\r\n\t\t\t\t\t<p>Hyundai Autohaus Abeln<br>\r\n\t\t\t\t\t\tFlachsmeerstra\u00dfe 20<br>\r\n\t\t\t\t\t\t26871 Papenburg\t\t\t\t\t\t\t\t\t\t\t\t\r\n\t\t\t\t\t<\/p>\r\n\t\t\t\t\t\t\t\t\t\t\t<!-- \u00d6ffnungszeiten -->\r\n\t\t\t\t\t\t<h4>\u00d6ffnungszeiten<\/h4>\r\n\t\t\t\t\t\t<p><strong>Verkauf:<\/strong><br \/>\nMo. &#8211; Fr. 9.00 &#8211; 19.00 Uhr<br \/>\nSa. 8.00 &#8211; 13.00 Uhr<\/p>\n<p><strong>Werkstatt:<\/strong><br \/>\nMo. &#8211; Fr. 8.00 &#8211; 17.00 Uhr<br \/>\nSa.\u00a0 8.00 &#8211; 12.00 Uhr<\/p>\n<p><strong>Lager:<\/strong><br \/>\nMo. &#8211; Sa. 8.00 &#8211; 17.00 Uhr<br \/>\nSa.\u00a0 8.00 &#8211; 13.00 Uhr<\/p>\n<p><strong>Teilevertrieb:<\/strong><br \/>\nMo. &#8211; Fr. 8.00 &#8211; 17.00 Uhr<br \/>\nSa.\u00a0 8.00 &#8211; 13.00 Uhr<\/p>\n\t\t\t\t\t\t<!-- #\u00d6ffnungszeiten -->\r\n\t\t\t\t\t\r\n\t\t\t\t\t<h4>\r\n\t\t\t\t\t\tKontakt\r\n\t\t\t\t\t<\/h4>\r\n\t\t\t\t\t<p>\r\n\t\t\t\t\t\t<!-- Telefon -->\r\n\t\t\t\t\t\t\r\n\t\t\t\t\t\t\tTel.: +49 (4961) 664490<br>\r\n\t\t\t\t\t\t\t\t\t\t\t\t<!-- #Telefon -->\r\n\r\n\t\t\t\t\t\t<!-- Fax -->\r\n\t\t\t\t\t\t\t\t\t\t\t\t\tFax: +49 (4961) 664499<br>\r\n\t\t\t\t\t\t\t\t\t\t\t\t<!-- #Fax -->\r\n\r\n\t\t\t\t\t\t<!-- E-Mail -->\r\n\t\t\t\t\t\t\t\t\t\t\t\t\tE-Mail: <a href=\"mailto:info@abeln.hyundaimail.de\">info@abeln.hyundaimail.de<\/a>\r\n\t\t\t\t\t\t\t\t\t\t\t\t<!-- #E-Mail -->\r\n\r\n\t\t\t\t\t<\/p>\r\n\r\n\t\t\t\t\t<p><br>\r\n\t\t\t\t\t\t<a class=\"btn\" href=\"\/kontakt\/rueckruf-anfordern\/\">\r\n\t\t\t\t\t\t\tR\u00fcckruf anfordern\r\n\t\t\t\t\t\t\t<span class=\"elementor-button-icon elementor-align-icon-right\">\r\n\t\t\t\t\t\t\t\t<i class=\"fas fa-phone-plus\"><\/i>\r\n\t\t\t\t\t\t<\/span>\r\n\t\t\t\t\t\t<\/a>\r\n\t\t\t\t\t\t<a class=\"btn\" href=\"\/werkstatt\/termin-vereinbaren\/\">\r\n\t\t\t\t\t\t\tWerkstatt-Termin\r\n\t\t\t\t\t\t\t<span class=\"elementor-button-icon elementor-align-icon-right\">\r\n\t\t\t\t\t\t\t\t<i class=\"fas fa-calendar-alt\"><\/i>\r\n\t\t\t\t\t\t\t\t<\/span>\r\n\t\t\t\t\t\t<\/a>\r\n\t\t\t\t\t<\/p>\r\n\t\t\t\t<\/div>\r\n\r\n\t\t\t<\/div>\r\n\r\n\t\t<\/div>\r\n\t\t\t\t\t\t<\/div>\n\t\t\t\t<\/div>\n\t\t\t\t\t<\/div>\n\t\t<\/div>\n\t\t\t\t\t<\/div>\n\t\t<\/section>\n\t\t\t\t<section class=\"elementor-section elementor-top-section elementor-element elementor-element-1f2e4007 elementor-section-boxed elementor-section-height-default elementor-section-height-default\" data-id=\"1f2e4007\" data-element_type=\"section\" data-e-type=\"section\" data-settings=\"{&quot;background_background&quot;:&quot;classic&quot;}\">\n\t\t\t\t\t\t<div class=\"elementor-container elementor-column-gap-default\">\n\t\t\t\t\t<div class=\"elementor-column elementor-col-100 elementor-top-column elementor-element elementor-element-6ad4002d\" data-id=\"6ad4002d\" data-element_type=\"column\" data-e-type=\"column\">\n\t\t\t<div class=\"elementor-widget-wrap elementor-element-populated\">\n\t\t\t\t\t\t<div class=\"elementor-element elementor-element-58ffbcd elementor-widget elementor-widget-global elementor-global-1411 elementor-widget-wp-widget-cta_kontakt_widget\" data-id=\"58ffbcd\" data-element_type=\"widget\" data-e-type=\"widget\" data-widget_type=\"wp-widget-cta_kontakt_widget.default\">\n\t\t\t\t<div class=\"elementor-widget-container\">\n\t\t\t\t\t\r\n<div class=\"cta-kontakt-wrapper\">\r\n<div class=\"cta-kontakt-row row\">\r\n\r\n\t<!-- cta item -->\r\n\t<a class=\"cta-kontakt-item col-12 col-sm-6 col-lg-3\" href=\"https:\/\/www.abeln-auto.de\/hyundai\/nachricht-schreiben\/termin-vereinbaren\/\">\r\n\t\t<div class=\"cta-kontakt-item-inner\">\r\n\t\t\t\t<i class=\"fas fa-car-mechanic\"><\/i>\r\n\t\t\t\r\n\t\t\t\t<div class=\"cta-kontakt-item-text\">\r\n\t\t\t\t\tWerkstatt-Termin<br>\r\n\t\t\t\t\tvereinbaren\r\n\t\t\t\t<\/div>\r\n\t\t<\/div>\r\n\t<\/a>\r\n\t<!-- #cta item -->\r\n\t\r\n\t<!-- cta item -->\r\n\t<a class=\"cta-kontakt-item col-12 col-sm-6 col-lg-3\" href=\"https:\/\/www.abeln-auto.de\/hyundai\/nachricht-schreiben\/probefahrt\/\">\r\n\t\t\t<div class=\"cta-kontakt-item-inner\">\r\n\r\n\t\t\t<i class=\"fas fa-car-side\"><\/i>\r\n\t\t\r\n\t\t<div class=\"cta-kontakt-item-text\">\r\n\t\t\tProbefahrt<br>\r\n\t\t\tvereinbaren\r\n\t\t\t\t\t<\/div>\r\n\t<\/div>\r\n\t<\/a>\r\n\t<!-- #cta item -->\r\n\t\r\n\t<!-- cta item -->\r\n\t<a class=\"cta-kontakt-item col-12 col-sm-6 col-lg-3\" href=\"https:\/\/www.abeln-auto.de\/hyundai\/nachricht-schreiben\/rueckruf-anfordern\/\">\r\n\t\t\t<div class=\"cta-kontakt-item-inner\">\r\n\t\t<i class=\"fas fa-phone-plus\"><\/i>\r\n\t\t\r\n\t\t<div class=\"cta-kontakt-item-text\">\r\n\t\t\tR\u00fcckruf<br>\r\n\t\t\tanfordern\r\n\t\t\t\t\t<\/div>\r\n\t<\/div>\r\n\t<\/a>\r\n\t<!-- #cta item -->\r\n\t\r\n\t<!-- cta item -->\r\n\t<a class=\"cta-kontakt-item col-12 col-sm-6 col-lg-3\" href=\"https:\/\/www.abeln-auto.de\/hyundai\/nachricht-schreiben\/\">\r\n\t\t\t<div class=\"cta-kontakt-item-inner\">\r\n\t\t<i class=\"fas fa-mail-bulk\"><\/i>\r\n\t\t\r\n\t\t<div class=\"cta-kontakt-item-text\">\r\n\t\t\tKontaktanfrage<br>\r\n\t\t\tsenden\r\n\t\t\t\t\t<\/div>\r\n\t<\/div>\r\n\t<\/a>\r\n\t<!-- #cta item -->\r\n\t\r\n<\/div>\r\n<\/div>\r\n\r\n\t\t\t\t<\/div>\n\t\t\t\t<\/div>\n\t\t\t\t\t<\/div>\n\t\t<\/div>\n\t\t\t\t\t<\/div>\n\t\t<\/section>\n\t\t\t\t<\/div>\n\t\t","protected":false},"excerpt":{"rendered":"<p>Anfahrt Ihr Weg zu uns Sie m\u00f6chten uns besuchen? Wir freuen uns, Sie in , begr\u00fc\u00dfen zu d\u00fcrfen.&nbsp; Haben Sie vorab Fragen? Dann rufen Sie uns gerne an unter oder schreiben Sie uns eine E-Mail an . Ihr Team vom Hyundai . Kontakt zu uns Adresse Hyundai Autohaus Autohaus Abeln Flachsmeerstra\u00dfe 20 26871 Papenburg \u00d6ffnungszeiten [&hellip;]<\/p>\n","protected":false},"author":1,"featured_media":0,"parent":74,"menu_order":5,"comment_status":"closed","ping_status":"closed","template":"elementor_header_footer","meta":{"_acf_changed":false,"footnotes":""},"class_list":["post-76","page","type-page","status-publish","hentry"],"acf":[],"yoast_head":"<!-- This site is optimized with the Yoast SEO plugin v27.5 - https:\/\/yoast.com\/product\/yoast-seo-wordpress\/ -->\n<title>Anfahrt &#8212; Hyundai Abeln<\/title>\n<meta name=\"robots\" content=\"index, follow, max-snippet:-1, max-image-preview:large, max-video-preview:-1\" \/>\n<link rel=\"canonical\" href=\"https:\/\/www.abeln-auto.de\/hyundai\/nachricht-schreiben\/anfahrt\/\" \/>\n<meta property=\"og:locale\" content=\"de_DE\" \/>\n<meta property=\"og:type\" content=\"article\" \/>\n<meta property=\"og:title\" content=\"Anfahrt &#8212; Hyundai Abeln\" \/>\n<meta property=\"og:description\" content=\"Anfahrt Ihr Weg zu uns Sie m\u00f6chten uns besuchen? Wir freuen uns, Sie in , begr\u00fc\u00dfen zu d\u00fcrfen.&nbsp; Haben Sie vorab Fragen? Dann rufen Sie uns gerne an unter oder schreiben Sie uns eine E-Mail an . Ihr Team vom Hyundai . Kontakt zu uns Adresse Hyundai Autohaus Autohaus Abeln Flachsmeerstra\u00dfe 20 26871 Papenburg \u00d6ffnungszeiten [&hellip;]\" \/>\n<meta property=\"og:url\" content=\"https:\/\/www.abeln-auto.de\/hyundai\/nachricht-schreiben\/anfahrt\/\" \/>\n<meta property=\"og:site_name\" content=\"Hyundai Abeln\" \/>\n<meta property=\"article:publisher\" content=\"https:\/\/www.facebook.com\/pages\/category\/Car-Dealership\/Autohaus-Abeln-Papenburg-418273738682087\/\" \/>\n<meta property=\"article:modified_time\" content=\"2019-07-29T14:05:45+00:00\" \/>\n<meta property=\"og:image\" content=\"https:\/\/www.abeln-auto.de\/wp-content\/uploads\/2019\/05\/autohaus-abeln-banner_04A6687.jpg\" \/>\n<meta name=\"twitter:card\" content=\"summary_large_image\" \/>\n<meta name=\"twitter:label1\" content=\"Gesch\u00e4tzte Lesezeit\" \/>\n\t<meta name=\"twitter:data1\" content=\"1\u00a0Minute\" \/>\n<script type=\"application\/ld+json\" class=\"yoast-schema-graph\">{\"@context\":\"https:\\\/\\\/schema.org\",\"@graph\":[{\"@type\":\"WebPage\",\"@id\":\"https:\\\/\\\/www.abeln-auto.de\\\/hyundai\\\/nachricht-schreiben\\\/anfahrt\\\/\",\"url\":\"https:\\\/\\\/www.abeln-auto.de\\\/hyundai\\\/nachricht-schreiben\\\/anfahrt\\\/\",\"name\":\"Anfahrt &#8212; Hyundai Abeln\",\"isPartOf\":{\"@id\":\"https:\\\/\\\/www.abeln-auto.de\\\/hyundai\\\/#website\"},\"datePublished\":\"2019-01-14T14:39:01+00:00\",\"dateModified\":\"2019-07-29T14:05:45+00:00\",\"breadcrumb\":{\"@id\":\"https:\\\/\\\/www.abeln-auto.de\\\/hyundai\\\/nachricht-schreiben\\\/anfahrt\\\/#breadcrumb\"},\"inLanguage\":\"de\",\"potentialAction\":[{\"@type\":\"ReadAction\",\"target\":[\"https:\\\/\\\/www.abeln-auto.de\\\/hyundai\\\/nachricht-schreiben\\\/anfahrt\\\/\"]}]},{\"@type\":\"BreadcrumbList\",\"@id\":\"https:\\\/\\\/www.abeln-auto.de\\\/hyundai\\\/nachricht-schreiben\\\/anfahrt\\\/#breadcrumb\",\"itemListElement\":[{\"@type\":\"ListItem\",\"position\":1,\"name\":\"Startseite\",\"item\":\"https:\\\/\\\/www.abeln-auto.de\\\/hyundai\\\/\"},{\"@type\":\"ListItem\",\"position\":2,\"name\":\"Nachricht schreiben\",\"item\":\"https:\\\/\\\/www.abeln-auto.de\\\/hyundai\\\/nachricht-schreiben\\\/\"},{\"@type\":\"ListItem\",\"position\":3,\"name\":\"Anfahrt\"}]},{\"@type\":\"WebSite\",\"@id\":\"https:\\\/\\\/www.abeln-auto.de\\\/hyundai\\\/#website\",\"url\":\"https:\\\/\\\/www.abeln-auto.de\\\/hyundai\\\/\",\"name\":\"Hyundai Autohaus Abeln GmbH\",\"description\":\"Das Hyundai Autohaus in Papenburg\",\"publisher\":{\"@id\":\"https:\\\/\\\/www.abeln-auto.de\\\/hyundai\\\/#organization\"},\"alternateName\":\"Hyundai Abeln\",\"potentialAction\":[{\"@type\":\"SearchAction\",\"target\":{\"@type\":\"EntryPoint\",\"urlTemplate\":\"https:\\\/\\\/www.abeln-auto.de\\\/hyundai\\\/?s={search_term_string}\"},\"query-input\":{\"@type\":\"PropertyValueSpecification\",\"valueRequired\":true,\"valueName\":\"search_term_string\"}}],\"inLanguage\":\"de\"},{\"@type\":\"Organization\",\"@id\":\"https:\\\/\\\/www.abeln-auto.de\\\/hyundai\\\/#organization\",\"name\":\"Hyundai Autohaus Abeln GmbH\",\"url\":\"https:\\\/\\\/www.abeln-auto.de\\\/hyundai\\\/\",\"logo\":{\"@type\":\"ImageObject\",\"inLanguage\":\"de\",\"@id\":\"https:\\\/\\\/www.abeln-auto.de\\\/hyundai\\\/#\\\/schema\\\/logo\\\/image\\\/\",\"url\":\"\",\"contentUrl\":\"\",\"caption\":\"Hyundai Autohaus Abeln GmbH\"},\"image\":{\"@id\":\"https:\\\/\\\/www.abeln-auto.de\\\/hyundai\\\/#\\\/schema\\\/logo\\\/image\\\/\"},\"sameAs\":[\"https:\\\/\\\/www.facebook.com\\\/pages\\\/category\\\/Car-Dealership\\\/Autohaus-Abeln-Papenburg-418273738682087\\\/\"]}]}<\/script>\n<!-- \/ Yoast SEO plugin. -->","yoast_head_json":{"title":"Anfahrt &#8212; Hyundai Abeln","robots":{"index":"index","follow":"follow","max-snippet":"max-snippet:-1","max-image-preview":"max-image-preview:large","max-video-preview":"max-video-preview:-1"},"canonical":"https:\/\/www.abeln-auto.de\/hyundai\/nachricht-schreiben\/anfahrt\/","og_locale":"de_DE","og_type":"article","og_title":"Anfahrt &#8212; Hyundai Abeln","og_description":"Anfahrt Ihr Weg zu uns Sie m\u00f6chten uns besuchen? Wir freuen uns, Sie in , begr\u00fc\u00dfen zu d\u00fcrfen.&nbsp; Haben Sie vorab Fragen? Dann rufen Sie uns gerne an unter oder schreiben Sie uns eine E-Mail an . Ihr Team vom Hyundai . Kontakt zu uns Adresse Hyundai Autohaus Autohaus Abeln Flachsmeerstra\u00dfe 20 26871 Papenburg \u00d6ffnungszeiten [&hellip;]","og_url":"https:\/\/www.abeln-auto.de\/hyundai\/nachricht-schreiben\/anfahrt\/","og_site_name":"Hyundai Abeln","article_publisher":"https:\/\/www.facebook.com\/pages\/category\/Car-Dealership\/Autohaus-Abeln-Papenburg-418273738682087\/","article_modified_time":"2019-07-29T14:05:45+00:00","og_image":[{"url":"https:\/\/www.abeln-auto.de\/wp-content\/uploads\/2019\/05\/autohaus-abeln-banner_04A6687.jpg","type":"","width":"","height":""}],"twitter_card":"summary_large_image","twitter_misc":{"Gesch\u00e4tzte Lesezeit":"1\u00a0Minute"},"schema":{"@context":"https:\/\/schema.org","@graph":[{"@type":"WebPage","@id":"https:\/\/www.abeln-auto.de\/hyundai\/nachricht-schreiben\/anfahrt\/","url":"https:\/\/www.abeln-auto.de\/hyundai\/nachricht-schreiben\/anfahrt\/","name":"Anfahrt &#8212; Hyundai Abeln","isPartOf":{"@id":"https:\/\/www.abeln-auto.de\/hyundai\/#website"},"datePublished":"2019-01-14T14:39:01+00:00","dateModified":"2019-07-29T14:05:45+00:00","breadcrumb":{"@id":"https:\/\/www.abeln-auto.de\/hyundai\/nachricht-schreiben\/anfahrt\/#breadcrumb"},"inLanguage":"de","potentialAction":[{"@type":"ReadAction","target":["https:\/\/www.abeln-auto.de\/hyundai\/nachricht-schreiben\/anfahrt\/"]}]},{"@type":"BreadcrumbList","@id":"https:\/\/www.abeln-auto.de\/hyundai\/nachricht-schreiben\/anfahrt\/#breadcrumb","itemListElement":[{"@type":"ListItem","position":1,"name":"Startseite","item":"https:\/\/www.abeln-auto.de\/hyundai\/"},{"@type":"ListItem","position":2,"name":"Nachricht schreiben","item":"https:\/\/www.abeln-auto.de\/hyundai\/nachricht-schreiben\/"},{"@type":"ListItem","position":3,"name":"Anfahrt"}]},{"@type":"WebSite","@id":"https:\/\/www.abeln-auto.de\/hyundai\/#website","url":"https:\/\/www.abeln-auto.de\/hyundai\/","name":"Hyundai Autohaus Abeln GmbH","description":"Das Hyundai Autohaus in Papenburg","publisher":{"@id":"https:\/\/www.abeln-auto.de\/hyundai\/#organization"},"alternateName":"Hyundai Abeln","potentialAction":[{"@type":"SearchAction","target":{"@type":"EntryPoint","urlTemplate":"https:\/\/www.abeln-auto.de\/hyundai\/?s={search_term_string}"},"query-input":{"@type":"PropertyValueSpecification","valueRequired":true,"valueName":"search_term_string"}}],"inLanguage":"de"},{"@type":"Organization","@id":"https:\/\/www.abeln-auto.de\/hyundai\/#organization","name":"Hyundai Autohaus Abeln GmbH","url":"https:\/\/www.abeln-auto.de\/hyundai\/","logo":{"@type":"ImageObject","inLanguage":"de","@id":"https:\/\/www.abeln-auto.de\/hyundai\/#\/schema\/logo\/image\/","url":"","contentUrl":"","caption":"Hyundai Autohaus Abeln GmbH"},"image":{"@id":"https:\/\/www.abeln-auto.de\/hyundai\/#\/schema\/logo\/image\/"},"sameAs":["https:\/\/www.facebook.com\/pages\/category\/Car-Dealership\/Autohaus-Abeln-Papenburg-418273738682087\/"]}]}},"_links":{"self":[{"href":"https:\/\/www.abeln-auto.de\/hyundai\/wp-json\/wp\/v2\/pages\/76","targetHints":{"allow":["GET"]}}],"collection":[{"href":"https:\/\/www.abeln-auto.de\/hyundai\/wp-json\/wp\/v2\/pages"}],"about":[{"href":"https:\/\/www.abeln-auto.de\/hyundai\/wp-json\/wp\/v2\/types\/page"}],"author":[{"embeddable":true,"href":"https:\/\/www.abeln-auto.de\/hyundai\/wp-json\/wp\/v2\/users\/1"}],"replies":[{"embeddable":true,"href":"https:\/\/www.abeln-auto.de\/hyundai\/wp-json\/wp\/v2\/comments?post=76"}],"version-history":[{"count":10,"href":"https:\/\/www.abeln-auto.de\/hyundai\/wp-json\/wp\/v2\/pages\/76\/revisions"}],"predecessor-version":[{"id":2061,"href":"https:\/\/www.abeln-auto.de\/hyundai\/wp-json\/wp\/v2\/pages\/76\/revisions\/2061"}],"up":[{"embeddable":true,"href":"https:\/\/www.abeln-auto.de\/hyundai\/wp-json\/wp\/v2\/pages\/74"}],"wp:attachment":[{"href":"https:\/\/www.abeln-auto.de\/hyundai\/wp-json\/wp\/v2\/media?parent=76"}],"curies":[{"name":"wp","href":"https:\/\/api.w.org\/{rel}","templated":true}]}}